{"id":4,"date":"2020-08-19T16:08:38","date_gmt":"2020-08-19T16:08:38","guid":{"rendered":"https:\/\/www.deutschlanddigital.org\/?page_id=4"},"modified":"2025-09-26T07:16:11","modified_gmt":"2025-09-26T07:16:11","slug":"accountant-home","status":"publish","type":"page","link":"https:\/\/www.deutschlanddigital.org\/","title":{"rendered":"Startseite"},"content":{"rendered":"<p><div class=\"fusion-fullwidth fullwidth-box fusion-builder-row-1 fusion-flex-container has-pattern-background has-mask-background nonhundred-percent-fullwidth non-hundred-percent-height-scrolling\" style=\"--awb-border-radius-top-left:0px;--awb-border-radius-top-right:0px;--awb-border-radius-bottom-right:0px;--awb-border-radius-bottom-left:0px;--awb-background-color:var(--awb-color2);--awb-flex-wrap:wrap;\" ><div class=\"fusion-builder-row fusion-row fusion-flex-align-items-flex-start fusion-flex-content-wrap\" style=\"max-width:1310.4px;margin-left: calc(-4% \/ 2 );margin-right: calc(-4% \/ 2 );\"><div class=\"fusion-layout-column fusion_builder_column fusion-builder-column-0 fusion_builder_column_1_1 1_1 fusion-flex-column\" style=\"--awb-bg-size:cover;--awb-width-large:100%;--awb-margin-top-large:20px;--awb-spacing-right-large:1.92%;--awb-margin-bottom-large:20px;--awb-spacing-left-large:1.92%;--awb-width-medium:100%;--awb-order-medium:0;--awb-spacing-right-medium:1.92%;--awb-spacing-left-medium:1.92%;--awb-width-small:100%;--awb-order-small:0;--awb-spacing-right-small:1.92%;--awb-spacing-left-small:1.92%;\"><div class=\"fusion-column-wrapper fusion-column-has-shadow fusion-flex-justify-content-flex-start fusion-content-layout-column\"><div class=\"fusion-image-element \" style=\"text-align:center;--awb-caption-title-font-family:var(--h2_typography-font-family);--awb-caption-title-font-weight:var(--h2_typography-font-weight);--awb-caption-title-font-style:var(--h2_typography-font-style);--awb-caption-title-size:var(--h2_typography-font-size);--awb-caption-title-transform:var(--h2_typography-text-transform);--awb-caption-title-line-height:var(--h2_typography-line-height);--awb-caption-title-letter-spacing:var(--h2_typography-letter-spacing);\"><span class=\" fusion-imageframe imageframe-none imageframe-1 hover-type-none\" style=\"border-radius:12px;\"><img decoding=\"async\" width=\"938\" height=\"317\" title=\"Final_ Deutschland-Digital_Logo_Black_noBG_small\" src=\"https:\/\/www.deutschlanddigital.org\/wp-content\/uploads\/sites\/16\/2025\/09\/Final_-Deutschland-Digital_Logo_Black_noBG_small.png\" data-orig-src=\"https:\/\/www.deutschlanddigital.org\/wp-content\/uploads\/sites\/16\/2025\/09\/Final_-Deutschland-Digital_Logo_Black_noBG_small.png\" alt class=\"lazyload img-responsive wp-image-7229\" srcset=\"data:image\/svg+xml,%3Csvg%20xmlns%3D%27http%3A%2F%2Fwww.w3.org%2F2000%2Fsvg%27%20width%3D%27938%27%20height%3D%27317%27%20viewBox%3D%270%200%20938%20317%27%3E%3Crect%20width%3D%27938%27%20height%3D%27317%27%20fill-opacity%3D%220%22%2F%3E%3C%2Fsvg%3E\" data-srcset=\"https:\/\/www.deutschlanddigital.org\/wp-content\/uploads\/sites\/16\/2025\/09\/Final_-Deutschland-Digital_Logo_Black_noBG_small-200x68.png 200w, https:\/\/www.deutschlanddigital.org\/wp-content\/uploads\/sites\/16\/2025\/09\/Final_-Deutschland-Digital_Logo_Black_noBG_small-400x135.png 400w, https:\/\/www.deutschlanddigital.org\/wp-content\/uploads\/sites\/16\/2025\/09\/Final_-Deutschland-Digital_Logo_Black_noBG_small-600x203.png 600w, https:\/\/www.deutschlanddigital.org\/wp-content\/uploads\/sites\/16\/2025\/09\/Final_-Deutschland-Digital_Logo_Black_noBG_small-800x270.png 800w, https:\/\/www.deutschlanddigital.org\/wp-content\/uploads\/sites\/16\/2025\/09\/Final_-Deutschland-Digital_Logo_Black_noBG_small.png 938w\" data-sizes=\"auto\" data-orig-sizes=\"(max-width: 640px) 100vw, 938px\" \/><\/span><\/div><div class=\"fusion-text fusion-text-1\"><h1 style=\"text-align: center\">Digitale L\u00f6sungen f\u00fcr smarte Kommunen<\/h1>\n<\/div><div class=\"fusion-text fusion-text-2\"><p style=\"text-align: center\">Verbessern Sie mit digitalen L\u00f6sungen die Daseinsvorsorge in Ihrer Region.<\/p>\n<\/div><\/div><\/div><\/div><\/div><div class=\"fusion-fullwidth fullwidth-box fusion-builder-row-2 fusion-flex-container nonhundred-percent-fullwidth non-hundred-percent-height-scrolling\" style=\"--link_hover_color: #2c999a;--link_color: var(--awb-color7);--awb-border-radius-top-left:0px;--awb-border-radius-top-right:0px;--awb-border-radius-bottom-right:0px;--awb-border-radius-bottom-left:0px;--awb-padding-bottom-medium:80px;--awb-padding-top-small:24px;--awb-padding-bottom-small:32px;--awb-background-color:var(--awb-color1);--awb-flex-wrap:wrap;\" ><div class=\"fusion-builder-row fusion-row fusion-flex-align-items-flex-start fusion-flex-justify-content-center fusion-flex-content-wrap\" style=\"max-width:1310.4px;margin-left: calc(-4% \/ 2 );margin-right: calc(-4% \/ 2 );\"><div class=\"fusion-layout-column fusion_builder_column fusion-builder-column-1 fusion_builder_column_1_1 1_1 fusion-flex-column\" style=\"--awb-bg-size:cover;--awb-width-large:100%;--awb-margin-top-large:50px;--awb-spacing-right-large:1.92%;--awb-margin-bottom-large:20px;--awb-spacing-left-large:1.92%;--awb-width-medium:75%;--awb-order-medium:0;--awb-spacing-right-medium:5.12%;--awb-spacing-left-medium:5.12%;--awb-width-small:100%;--awb-order-small:0;--awb-spacing-right-small:1.92%;--awb-margin-bottom-small:12px;--awb-spacing-left-small:1.92%;\"><div class=\"fusion-column-wrapper fusion-column-has-shadow fusion-flex-justify-content-flex-start fusion-content-layout-column\"><div class=\"fusion-text fusion-text-3\"><h2 id=\"marktplatz\" style=\"text-align: center\"><strong>Was ist der Marktplatz?<\/strong><\/h2>\n<\/div><\/div><\/div><div class=\"fusion-layout-column fusion_builder_column fusion-builder-column-2 fusion_builder_column_1_3 1_3 fusion-flex-column\" style=\"--awb-bg-size:cover;--awb-width-large:33.333333333333%;--awb-margin-top-large:50px;--awb-spacing-right-large:5.76%;--awb-margin-bottom-large:30px;--awb-spacing-left-large:5.76%;--awb-width-medium:75%;--awb-order-medium:0;--awb-spacing-right-medium:5.12%;--awb-spacing-left-medium:5.12%;--awb-width-small:100%;--awb-order-small:0;--awb-spacing-right-small:1.92%;--awb-margin-bottom-small:12px;--awb-spacing-left-small:1.92%;\"><div class=\"fusion-column-wrapper fusion-column-has-shadow fusion-flex-justify-content-flex-start fusion-content-layout-column\"><div class=\"fusion-video fusion-selfhosted-video\" style=\"align-self:center;max-width:40%;\"><div class=\"video-wrapper\"><video playsinline=\"true\" width=\"100%\" style=\"object-fit: cover;\" autoplay=\"true\" muted=\"true\" loop=\"true\" preload=\"auto\"><source src=\"https:\/\/www.deutschlanddigital.org\/wp-content\/uploads\/sites\/16\/2024\/07\/Software-As-A-Service-2.mp4\" type=\"video\/mp4\">Sorry, your browser doesn&#039;t support embedded videos.<\/video><\/div><\/div><div class=\"fusion-title title fusion-title-1 fusion-sep-none fusion-title-center fusion-title-text fusion-title-size-three\" style=\"--awb-font-size:24px;\"><h3 class=\"fusion-title-heading title-heading-center fusion-responsive-typography-calculated\" style=\"margin:0;font-size:1em;--fontSize:24;line-height:1.3;\">Software as a Service f\u00fcr kommunale Anwendungsf\u00e4lle<\/h3><\/div><\/div><\/div><div class=\"fusion-layout-column fusion_builder_column fusion-builder-column-3 fusion_builder_column_1_3 1_3 fusion-flex-column\" style=\"--awb-bg-size:cover;--awb-width-large:33.333333333333%;--awb-margin-top-large:50px;--awb-spacing-right-large:5.76%;--awb-margin-bottom-large:30px;--awb-spacing-left-large:5.76%;--awb-width-medium:75%;--awb-order-medium:0;--awb-spacing-right-medium:5.12%;--awb-spacing-left-medium:5.12%;--awb-width-small:100%;--awb-order-small:0;--awb-spacing-right-small:1.92%;--awb-margin-bottom-small:12px;--awb-spacing-left-small:1.92%;\"><div class=\"fusion-column-wrapper fusion-column-has-shadow fusion-flex-justify-content-flex-start fusion-content-layout-column\"><div class=\"fusion-video fusion-selfhosted-video\" style=\"align-self:center;max-width:40%;\"><div class=\"video-wrapper\"><video playsinline=\"true\" width=\"100%\" style=\"object-fit: cover;\" autoplay=\"true\" muted=\"true\" loop=\"true\" preload=\"auto\"><source src=\"https:\/\/www.deutschlanddigital.org\/wp-content\/uploads\/sites\/16\/2024\/07\/Check-Icon-1.mp4\" type=\"video\/mp4\">Sorry, your browser doesn&#039;t support embedded videos.<\/video><\/div><\/div><div class=\"fusion-title title fusion-title-2 fusion-sep-none fusion-title-center fusion-title-text fusion-title-size-three\" style=\"--awb-font-size:24px;\"><h3 class=\"fusion-title-heading title-heading-center fusion-responsive-typography-calculated\" style=\"margin:0;font-size:1em;--fontSize:24;line-height:1.3;\">Kuratiertes und gepr\u00fcftes Angebot<\/h3><\/div><\/div><\/div><div class=\"fusion-layout-column fusion_builder_column fusion-builder-column-4 fusion_builder_column_1_3 1_3 fusion-flex-column\" style=\"--awb-bg-size:cover;--awb-width-large:33.333333333333%;--awb-margin-top-large:50px;--awb-spacing-right-large:5.76%;--awb-margin-bottom-large:30px;--awb-spacing-left-large:5.76%;--awb-width-medium:75%;--awb-order-medium:0;--awb-spacing-right-medium:5.12%;--awb-spacing-left-medium:5.12%;--awb-width-small:100%;--awb-order-small:0;--awb-spacing-right-small:1.92%;--awb-margin-bottom-small:12px;--awb-spacing-left-small:1.92%;\"><div class=\"fusion-column-wrapper fusion-column-has-shadow fusion-flex-justify-content-flex-start fusion-content-layout-column\"><div class=\"fusion-video fusion-selfhosted-video\" style=\"align-self:center;max-width:40%;\"><div class=\"video-wrapper\"><video playsinline=\"true\" width=\"100%\" style=\"object-fit: cover;\" autoplay=\"true\" muted=\"true\" loop=\"true\" preload=\"auto\"><source src=\"https:\/\/www.deutschlanddigital.org\/wp-content\/uploads\/sites\/16\/2024\/07\/Standardisierte-Darstellung.mp4\" type=\"video\/mp4\">Sorry, your browser doesn&#039;t support embedded videos.<\/video><\/div><\/div><div class=\"fusion-title title fusion-title-3 fusion-sep-none fusion-title-center fusion-title-text fusion-title-size-three\" style=\"--awb-font-size:24px;\"><h3 class=\"fusion-title-heading title-heading-center fusion-responsive-typography-calculated\" style=\"margin:0;font-size:1em;--fontSize:24;line-height:1.3;\">Standardisierte Darstellung von digitalen Diensten<\/h3><\/div><\/div><\/div><div class=\"fusion-layout-column fusion_builder_column fusion-builder-column-5 fusion_builder_column_1_3 1_3 fusion-flex-column\" style=\"--awb-bg-size:cover;--awb-width-large:33.333333333333%;--awb-margin-top-large:50px;--awb-spacing-right-large:5.76%;--awb-margin-bottom-large:30px;--awb-spacing-left-large:5.76%;--awb-width-medium:75%;--awb-order-medium:0;--awb-spacing-right-medium:5.12%;--awb-spacing-left-medium:5.12%;--awb-width-small:100%;--awb-order-small:0;--awb-spacing-right-small:1.92%;--awb-margin-bottom-small:12px;--awb-spacing-left-small:1.92%;\"><div class=\"fusion-column-wrapper fusion-column-has-shadow fusion-flex-justify-content-flex-start fusion-content-layout-column\"><div class=\"fusion-video fusion-selfhosted-video\" style=\"align-self:center;max-width:40%;\"><div class=\"video-wrapper\"><video playsinline=\"true\" width=\"100%\" style=\"object-fit: cover;\" autoplay=\"true\" muted=\"true\" loop=\"true\" preload=\"auto\"><source src=\"https:\/\/www.deutschlanddigital.org\/wp-content\/uploads\/sites\/16\/2024\/07\/Zeitsparende-Recherche.mp4\" type=\"video\/mp4\">Sorry, your browser doesn&#039;t support embedded videos.<\/video><\/div><\/div><div class=\"fusion-title title fusion-title-4 fusion-sep-none fusion-title-center fusion-title-text fusion-title-size-three\" style=\"--awb-font-size:24px;\"><h3 class=\"fusion-title-heading title-heading-center fusion-responsive-typography-calculated\" style=\"margin:0;font-size:1em;--fontSize:24;line-height:1.3;\">Zeitsparende Marktrecherche f\u00fcr Kommunen<\/h3><\/div><\/div><\/div><div class=\"fusion-layout-column fusion_builder_column fusion-builder-column-6 fusion_builder_column_1_3 1_3 fusion-flex-column\" style=\"--awb-bg-size:cover;--awb-width-large:33.333333333333%;--awb-margin-top-large:50px;--awb-spacing-right-large:5.76%;--awb-margin-bottom-large:30px;--awb-spacing-left-large:5.76%;--awb-width-medium:75%;--awb-order-medium:0;--awb-spacing-right-medium:5.12%;--awb-spacing-left-medium:5.12%;--awb-width-small:100%;--awb-order-small:0;--awb-spacing-right-small:1.92%;--awb-margin-bottom-small:12px;--awb-spacing-left-small:1.92%;\"><div class=\"fusion-column-wrapper fusion-column-has-shadow fusion-flex-justify-content-flex-start fusion-content-layout-column\"><div class=\"fusion-video fusion-selfhosted-video\" style=\"align-self:center;max-width:40%;\"><div class=\"video-wrapper\"><video playsinline=\"true\" width=\"100%\" style=\"object-fit: cover;\" autoplay=\"true\" muted=\"true\" loop=\"true\" preload=\"auto\"><source src=\"https:\/\/www.deutschlanddigital.org\/wp-content\/uploads\/sites\/16\/2024\/07\/Einheitlicher-Login.mp4\" type=\"video\/mp4\">Sorry, your browser doesn&#039;t support embedded videos.<\/video><\/div><\/div><div class=\"fusion-title title fusion-title-5 fusion-sep-none fusion-title-center fusion-title-text fusion-title-size-three\" style=\"--awb-font-size:24px;\"><h3 class=\"fusion-title-heading title-heading-center fusion-responsive-typography-calculated\" style=\"margin:0;font-size:1em;--fontSize:24;line-height:1.3;\">Einheitlicher Login und Kontaktm\u00f6glichkeit zu Anbietern<\/h3><\/div><\/div><\/div><div class=\"fusion-layout-column fusion_builder_column fusion-builder-column-7 fusion_builder_column_1_3 1_3 fusion-flex-column\" style=\"--awb-bg-size:cover;--awb-width-large:33.333333333333%;--awb-margin-top-large:50px;--awb-spacing-right-large:5.76%;--awb-margin-bottom-large:30px;--awb-spacing-left-large:5.76%;--awb-width-medium:75%;--awb-order-medium:0;--awb-spacing-right-medium:5.12%;--awb-spacing-left-medium:5.12%;--awb-width-small:100%;--awb-order-small:0;--awb-spacing-right-small:1.92%;--awb-margin-bottom-small:12px;--awb-spacing-left-small:1.92%;\"><div class=\"fusion-column-wrapper fusion-column-has-shadow fusion-flex-justify-content-flex-start fusion-content-layout-column\"><div class=\"fusion-video fusion-selfhosted-video\" style=\"align-self:center;max-width:40%;\"><div class=\"video-wrapper\"><video playsinline=\"true\" width=\"100%\" style=\"object-fit: cover;\" autoplay=\"true\" muted=\"true\" loop=\"true\" preload=\"auto\"><source src=\"https:\/\/www.deutschlanddigital.org\/wp-content\/uploads\/sites\/16\/2024\/07\/Neutraler-Betreiber.mp4\" type=\"video\/mp4\">Sorry, your browser doesn&#039;t support embedded videos.<\/video><\/div><\/div><div class=\"fusion-title title fusion-title-6 fusion-sep-none fusion-title-center fusion-title-text fusion-title-size-three\" style=\"--awb-font-size:24px;\"><h3 class=\"fusion-title-heading title-heading-center fusion-responsive-typography-calculated\" style=\"margin:0;font-size:1em;--fontSize:24;line-height:1.3;\">Neutraler Betreiber<\/h3><\/div><\/div><\/div><div class=\"fusion-layout-column fusion_builder_column fusion-builder-column-8 fusion_builder_column_1_3 1_3 fusion-flex-column\" style=\"--awb-bg-size:cover;--awb-width-large:33.333333333333%;--awb-margin-top-large:15px;--awb-spacing-right-large:5.76%;--awb-margin-bottom-large:30px;--awb-spacing-left-large:5.76%;--awb-width-medium:75%;--awb-order-medium:0;--awb-spacing-right-medium:5.12%;--awb-spacing-left-medium:5.12%;--awb-width-small:100%;--awb-order-small:0;--awb-spacing-right-small:1.92%;--awb-margin-bottom-small:12px;--awb-spacing-left-small:1.92%;\"><div class=\"fusion-column-wrapper fusion-column-has-shadow fusion-flex-justify-content-flex-start fusion-content-layout-column\"><div style=\"text-align:center;\"><a class=\"fusion-button button-flat fusion-button-default-size button-default fusion-button-default button-1 fusion-button-default-span fusion-button-default-type\" style=\"--button_margin-top:10px;\" target=\"_blank\" rel=\"noopener noreferrer\" href=\"https:\/\/marktplatz.landkreise.digital\/\"><span class=\"fusion-button-text\">Zum Marktplatz<\/span><\/a><\/div><\/div><\/div><div class=\"fusion-layout-column fusion_builder_column fusion-builder-column-9 fusion_builder_column_1_1 1_1 fusion-flex-column\" style=\"--awb-bg-size:cover;--awb-width-large:100%;--awb-margin-top-large:20px;--awb-spacing-right-large:1.92%;--awb-margin-bottom-large:30px;--awb-spacing-left-large:1.92%;--awb-width-medium:75%;--awb-order-medium:0;--awb-spacing-right-medium:5.12%;--awb-spacing-left-medium:5.12%;--awb-width-small:100%;--awb-order-small:0;--awb-spacing-right-small:1.92%;--awb-margin-bottom-small:12px;--awb-spacing-left-small:1.92%;\"><div class=\"fusion-column-wrapper fusion-column-has-shadow fusion-flex-justify-content-flex-start fusion-content-layout-column\"><div class=\"fusion-text fusion-text-4\"><p style=\"text-align: center\">Im Mittelpunkt des Marktplatzes <strong>DEUTSCHLAND.DIGITAL<\/strong> steht die Vermittlung von L\u00f6sungen und Dienstleistungen zur Daseinsvorsorge sowie die zentrale Kontaktaufnahme zwischen Kommunen und L\u00f6sungsanbietern &amp; Beratern. Der Marktplatz <strong>DEUTSCHLAND.DIGITAL<\/strong> verbindet folglich die Nachfrager, d. h. die Kommunen, und die Anbieter, d. h. L\u00f6sungsanbietende und Dienstleistern, miteinander und vermittelt technische L\u00f6sungen und Dienstleistungen zwischen diesen.<\/p>\n<p style=\"text-align: center\">Die L\u00f6sungen auf dem Marktplatz <strong>DEUTSCHLAND.DIGITAL<\/strong> haben einen Betreiber, sodass sich die Kommunen nicht um den Betrieb der L\u00f6sungen Gedanken machen m\u00fcssen.<\/p>\n<\/div><\/div><\/div><div class=\"fusion-layout-column fusion_builder_column fusion-builder-column-10 fusion_builder_column_3_4 3_4 fusion-flex-column\" style=\"--awb-bg-size:cover;--awb-width-large:75%;--awb-margin-top-large:20px;--awb-spacing-right-large:2.56%;--awb-margin-bottom-large:0px;--awb-spacing-left-large:2.56%;--awb-width-medium:75%;--awb-order-medium:0;--awb-spacing-right-medium:2.56%;--awb-spacing-left-medium:2.56%;--awb-width-small:100%;--awb-order-small:0;--awb-spacing-right-small:1.92%;--awb-spacing-left-small:1.92%;\"><div class=\"fusion-column-wrapper fusion-column-has-shadow fusion-flex-justify-content-flex-start fusion-content-layout-column\"><div class=\"fusion-content-boxes content-boxes columns row fusion-columns-1 fusion-columns-total-1 fusion-content-boxes-1 content-boxes-icon-with-title content-left\" style=\"--awb-hover-accent-color:var(--awb-custom_color_2);--awb-circle-hover-accent-color:transparent;--awb-item-margin-bottom:40px;\" data-animationOffset=\"top-into-view\"><div style=\"--awb-backgroundcolor:var(--awb-color2);--awb-iconcolor:var(--awb-color7);\" class=\"fusion-column content-box-column content-box-column content-box-column-1 col-lg-12 col-md-12 col-sm-12 fusion-content-box-hover content-box-column-last content-box-column-last-in-row\"><div class=\"col content-box-wrapper content-wrapper-background link-area-link-icon link-type-text content-icon-wrapper-yes icon-hover-animation-fade\" data-animationOffset=\"top-into-view\"><div class=\"heading heading-with-icon icon-left\"><a class=\"heading-link\" style=\"float:left;\" href=\"https:\/\/www.iese.fraunhofer.de\/de\/link\/marktplatz-deutschland-digital.html\" target=\"_blank\" rel=\"noopener noreferrer\"><div class=\"icon\"><span ><i style=\"background-color:transparent;border-color:transparent;height:auto;width: 32px;line-height:normal;font-size:32px;\" aria-hidden=\"true\" class=\"fontawesome-icon fa-info-circle fas circle-no\"><\/i><\/span><\/div><h2 class=\"content-box-heading fusion-responsive-typography-calculated\" style=\"--h2_typography-font-size:24px;--fontSize:24;line-height:1.2;\">Veranstaltungsreihe DEUTSCHLAND.DIGITAL<\/h2><\/a><\/div><div class=\"fusion-clearfix\"><\/div><div class=\"content-container\">\n<p>Im Zuge der Veranstaltungsreihe \u00bbDEUTSCHLAND.DIGITAL &#8211; Der Marktplatz f\u00fcr Deutschland\u00ab, m\u00f6chten wir den Marktplatz f\u00fcr digitale L\u00f6sungen der Daseinsvorsorge pr\u00e4sentieren, in einer gemeinsamen Live-Demo erlebbar machen und in den Austausch kommen.<\/p>\n<p>Sie haben Interesse, den Marktplatz live zu erleben?<\/p>\n<\/div><div class=\"fusion-clearfix\"><\/div><a class=\" fusion-read-more\" style=\"float:left;\" href=\"https:\/\/www.iese.fraunhofer.de\/de\/link\/marktplatz-deutschland-digital.html\" target=\"_blank\" rel=\"noopener noreferrer\">Zu den Terminen<\/a><div class=\"fusion-clearfix\"><\/div><\/div><\/div><div class=\"fusion-clearfix\"><\/div><\/div><\/div><\/div><\/div><\/div><div class=\"fusion-fullwidth fullwidth-box fusion-builder-row-3 fusion-flex-container nonhundred-percent-fullwidth non-hundred-percent-height-scrolling\" style=\"--link_hover_color: #2c999a;--link_color: var(--awb-color7);--awb-border-radius-top-left:0px;--awb-border-radius-top-right:0px;--awb-border-radius-bottom-right:0px;--awb-border-radius-bottom-left:0px;--awb-padding-top:0px;--awb-padding-bottom-medium:80px;--awb-padding-top-small:24px;--awb-padding-bottom-small:32px;--awb-background-color:var(--awb-color1);--awb-flex-wrap:wrap;\" ><div class=\"fusion-builder-row fusion-row fusion-flex-align-items-flex-start fusion-flex-justify-content-center fusion-flex-content-wrap\" style=\"max-width:1310.4px;margin-left: calc(-4% \/ 2 );margin-right: calc(-4% \/ 2 );\"><div class=\"fusion-layout-column fusion_builder_column fusion-builder-column-11 fusion_builder_column_1_1 1_1 fusion-flex-column\" style=\"--awb-bg-size:cover;--awb-width-large:100%;--awb-margin-top-large:20px;--awb-spacing-right-large:1.92%;--awb-margin-bottom-large:30px;--awb-spacing-left-large:1.92%;--awb-width-medium:75%;--awb-order-medium:0;--awb-spacing-right-medium:5.12%;--awb-spacing-left-medium:5.12%;--awb-width-small:100%;--awb-order-small:0;--awb-spacing-right-small:1.92%;--awb-margin-bottom-small:12px;--awb-spacing-left-small:1.92%;\"><div class=\"fusion-column-wrapper fusion-column-has-shadow fusion-flex-justify-content-flex-start fusion-content-layout-column\"><div class=\"fusion-image-element \" style=\"text-align:center;--awb-caption-title-font-family:var(--h2_typography-font-family);--awb-caption-title-font-weight:var(--h2_typography-font-weight);--awb-caption-title-font-style:var(--h2_typography-font-style);--awb-caption-title-size:var(--h2_typography-font-size);--awb-caption-title-transform:var(--h2_typography-text-transform);--awb-caption-title-line-height:var(--h2_typography-line-height);--awb-caption-title-letter-spacing:var(--h2_typography-letter-spacing);\"><span class=\" fusion-imageframe imageframe-none imageframe-2 hover-type-none\" style=\"border-radius:12px;\"><img decoding=\"async\" width=\"800\" height=\"566\" alt=\"Demonstration der Startseite - Auflistung angebotener L\u00f6sungen\" title=\"Marktplatz-\u00dcbersicht\" src=\"https:\/\/www.deutschlanddigital.org\/wp-content\/uploads\/sites\/16\/2024\/01\/Marktplatz-Uebersicht.png\" data-orig-src=\"https:\/\/www.deutschlanddigital.org\/wp-content\/uploads\/sites\/16\/2024\/01\/Marktplatz-Uebersicht-800x566.png\" class=\"lazyload img-responsive wp-image-5962\" srcset=\"data:image\/svg+xml,%3Csvg%20xmlns%3D%27http%3A%2F%2Fwww.w3.org%2F2000%2Fsvg%27%20width%3D%273508%27%20height%3D%272480%27%20viewBox%3D%270%200%203508%202480%27%3E%3Crect%20width%3D%273508%27%20height%3D%272480%27%20fill-opacity%3D%220%22%2F%3E%3C%2Fsvg%3E\" data-srcset=\"https:\/\/www.deutschlanddigital.org\/wp-content\/uploads\/sites\/16\/2024\/01\/Marktplatz-Uebersicht-200x141.png 200w, https:\/\/www.deutschlanddigital.org\/wp-content\/uploads\/sites\/16\/2024\/01\/Marktplatz-Uebersicht-400x283.png 400w, https:\/\/www.deutschlanddigital.org\/wp-content\/uploads\/sites\/16\/2024\/01\/Marktplatz-Uebersicht-600x424.png 600w, https:\/\/www.deutschlanddigital.org\/wp-content\/uploads\/sites\/16\/2024\/01\/Marktplatz-Uebersicht-800x566.png 800w, https:\/\/www.deutschlanddigital.org\/wp-content\/uploads\/sites\/16\/2024\/01\/Marktplatz-Uebersicht-1200x848.png 1200w\" data-sizes=\"auto\" data-orig-sizes=\"(max-width: 640px) 100vw, 800px\" \/><\/span><\/div><\/div><\/div><div class=\"fusion-layout-column fusion_builder_column fusion-builder-column-12 fusion_builder_column_1_1 1_1 fusion-flex-column\" style=\"--awb-bg-size:cover;--awb-width-large:100%;--awb-margin-top-large:20px;--awb-spacing-right-large:1.92%;--awb-margin-bottom-large:30px;--awb-spacing-left-large:1.92%;--awb-width-medium:75%;--awb-order-medium:0;--awb-spacing-right-medium:5.12%;--awb-spacing-left-medium:5.12%;--awb-width-small:100%;--awb-order-small:0;--awb-spacing-right-small:1.92%;--awb-margin-bottom-small:12px;--awb-spacing-left-small:1.92%;\"><div class=\"fusion-column-wrapper fusion-column-has-shadow fusion-flex-justify-content-flex-start fusion-content-layout-column\"><div style=\"text-align:center;\"><a class=\"fusion-button button-flat fusion-button-default-size button-default fusion-button-default button-2 fusion-button-default-span fusion-button-default-type\" style=\"--button_margin-top:10px;\" target=\"_blank\" rel=\"noopener noreferrer\" href=\"https:\/\/marktplatz.landkreise.digital\/\"><span class=\"fusion-button-text\">Zum Marktplatz<\/span><\/a><\/div><\/div><\/div><\/div><\/div><div class=\"fusion-fullwidth fullwidth-box fusion-builder-row-4 fusion-flex-container nonhundred-percent-fullwidth non-hundred-percent-height-scrolling\" style=\"--link_hover_color: #2c999a;--link_color: var(--awb-color7);--awb-border-radius-top-left:0px;--awb-border-radius-top-right:0px;--awb-border-radius-bottom-right:0px;--awb-border-radius-bottom-left:0px;--awb-padding-top-medium:80px;--awb-padding-bottom-medium:60px;--awb-padding-top-small:32px;--awb-padding-bottom-small:32px;--awb-margin-bottom:63px;--awb-background-color:var(--awb-color2);--awb-flex-wrap:wrap;\" ><div class=\"fusion-builder-row fusion-row fusion-flex-align-items-flex-start fusion-flex-justify-content-center fusion-flex-content-wrap\" style=\"max-width:1310.4px;margin-left: calc(-4% \/ 2 );margin-right: calc(-4% \/ 2 );\"><div class=\"fusion-layout-column fusion_builder_column fusion-builder-column-13 fusion_builder_column_1_1 1_1 fusion-flex-column\" style=\"--awb-bg-size:cover;--awb-width-large:100%;--awb-margin-top-large:20px;--awb-spacing-right-large:1.92%;--awb-margin-bottom-large:30px;--awb-spacing-left-large:1.92%;--awb-width-medium:75%;--awb-order-medium:0;--awb-spacing-right-medium:5.12%;--awb-spacing-left-medium:5.12%;--awb-width-small:100%;--awb-order-small:0;--awb-spacing-right-small:1.92%;--awb-margin-bottom-small:12px;--awb-spacing-left-small:1.92%;\"><div class=\"fusion-column-wrapper fusion-column-has-shadow fusion-flex-justify-content-flex-start fusion-content-layout-column\"><div class=\"fusion-text fusion-text-5\"><h2 style=\"text-align: center\"><strong>Sie wollen Teil von DEUTSCHLAND.DIGITAL werden?<\/strong><\/h2>\n<\/div><\/div><\/div><div class=\"fusion-layout-column fusion_builder_column fusion-builder-column-14 fusion_builder_column_1_2 1_2 fusion-flex-column fusion-flex-align-self-flex-start\" style=\"--awb-padding-top:24px;--awb-padding-right:55px;--awb-padding-bottom:40px;--awb-padding-left:64px;--awb-overflow:hidden;--awb-bg-color:#ffffff;--awb-bg-color-hover:#ffffff;--awb-bg-size:cover;--awb-box-shadow:0px 2px 4px -1px rgba(0,0,0,0.05);;--awb-border-color:rgba(0,0,0,0.05);--awb-border-right:1px;--awb-border-bottom:1px;--awb-border-left:1px;--awb-border-style:solid;--awb-border-radius:8px 8px 8px 8px;--awb-width-large:50%;--awb-margin-top-large:20px;--awb-spacing-right-large:16px;--awb-margin-bottom-large:20px;--awb-spacing-left-large:16px;--awb-width-medium:50%;--awb-order-medium:0;--awb-spacing-right-medium:10px;--awb-spacing-left-medium:10px;--awb-width-small:100%;--awb-order-small:0;--awb-spacing-right-small:1.92%;--awb-margin-bottom-small:10px;--awb-spacing-left-small:1.92%;\"><div class=\"fusion-column-wrapper fusion-column-has-shadow fusion-flex-justify-content-flex-start fusion-content-layout-column\"><div class=\"fusion-image-element \" style=\"text-align:center;--awb-margin-top:12px;--awb-margin-bottom:24px;--awb-max-width:280px;--awb-caption-title-font-family:var(--h2_typography-font-family);--awb-caption-title-font-weight:var(--h2_typography-font-weight);--awb-caption-title-font-style:var(--h2_typography-font-style);--awb-caption-title-size:var(--h2_typography-font-size);--awb-caption-title-transform:var(--h2_typography-text-transform);--awb-caption-title-line-height:var(--h2_typography-line-height);--awb-caption-title-letter-spacing:var(--h2_typography-letter-spacing);\"><span class=\" fusion-imageframe imageframe-none imageframe-3 hover-type-none\" style=\"border-radius:12px;\"><a class=\"fusion-no-lightbox\" href=\"https:\/\/www.deutschlanddigital.org\/index.php\/kommunen\/\" target=\"_self\" aria-label=\"Landkreise_Icon\"><img decoding=\"async\" width=\"2226\" height=\"2225\" alt=\"Icon f\u00fcr Kommunen, die huhu Deutschland verwenden (wollen).\" src=\"https:\/\/www.deutschlanddigital.org\/wp-content\/uploads\/sites\/16\/2023\/03\/Landkreise_Icon.png\" data-orig-src=\"https:\/\/www.deutschlanddigital.org\/wp-content\/uploads\/sites\/16\/2023\/03\/Landkreise_Icon.png\" class=\"lazyload img-responsive wp-image-5517\" srcset=\"data:image\/svg+xml,%3Csvg%20xmlns%3D%27http%3A%2F%2Fwww.w3.org%2F2000%2Fsvg%27%20width%3D%272226%27%20height%3D%272225%27%20viewBox%3D%270%200%202226%202225%27%3E%3Crect%20width%3D%272226%27%20height%3D%272225%27%20fill-opacity%3D%220%22%2F%3E%3C%2Fsvg%3E\" data-srcset=\"https:\/\/www.deutschlanddigital.org\/wp-content\/uploads\/sites\/16\/2023\/03\/Landkreise_Icon-200x200.png 200w, https:\/\/www.deutschlanddigital.org\/wp-content\/uploads\/sites\/16\/2023\/03\/Landkreise_Icon-400x400.png 400w, https:\/\/www.deutschlanddigital.org\/wp-content\/uploads\/sites\/16\/2023\/03\/Landkreise_Icon-600x600.png 600w, https:\/\/www.deutschlanddigital.org\/wp-content\/uploads\/sites\/16\/2023\/03\/Landkreise_Icon-800x800.png 800w, https:\/\/www.deutschlanddigital.org\/wp-content\/uploads\/sites\/16\/2023\/03\/Landkreise_Icon-1200x1199.png 1200w, https:\/\/www.deutschlanddigital.org\/wp-content\/uploads\/sites\/16\/2023\/03\/Landkreise_Icon.png 2226w\" data-sizes=\"auto\" data-orig-sizes=\"(max-width: 640px) 100vw, 600px\" \/><\/a><\/span><\/div><div class=\"fusion-title title fusion-title-7 fusion-sep-none fusion-title-center fusion-title-text fusion-title-size-three\" style=\"--awb-font-size:24px;\"><h3 class=\"fusion-title-heading title-heading-center fusion-responsive-typography-calculated\" style=\"margin:0;font-size:1em;--fontSize:24;line-height:1.42;\"><a href=\"https:\/\/www.deutschlanddigital.org\/index.php\/kommunen\/\">Kommunen<\/a><\/h3><\/div><div class=\"fusion-text fusion-text-6\"><p style=\"text-align: center\"><span class=\"TextRun SCXW213968462 BCX9\" lang=\"DE-DE\" xml:lang=\"DE-DE\" data-contrast=\"auto\"><span class=\"NormalTextRun SCXW213968462 BCX9\">Individuelle L\u00f6sungen f\u00fcr Ihre Kommune\u00a0<\/span><\/span><span class=\"EOP SCXW213968462 BCX9\" data-ccp-props=\"{\">\u00a0<\/span><\/p>\n<\/div><\/div><\/div><div class=\"fusion-layout-column fusion_builder_column fusion-builder-column-15 fusion_builder_column_1_2 1_2 fusion-flex-column\" style=\"--awb-padding-top:24px;--awb-padding-right:55px;--awb-padding-bottom:40px;--awb-padding-left:64px;--awb-overflow:hidden;--awb-bg-color:#ffffff;--awb-bg-color-hover:#ffffff;--awb-bg-size:cover;--awb-box-shadow:0px 2px 4px -1px rgba(0,0,0,0.05);;--awb-border-color:rgba(0,0,0,0.05);--awb-border-right:1px;--awb-border-bottom:1px;--awb-border-left:1px;--awb-border-style:solid;--awb-border-radius:8px 8px 8px 8px;--awb-width-large:50%;--awb-margin-top-large:20px;--awb-spacing-right-large:16px;--awb-margin-bottom-large:20px;--awb-spacing-left-large:16px;--awb-width-medium:50%;--awb-order-medium:0;--awb-spacing-right-medium:10px;--awb-spacing-left-medium:10px;--awb-width-small:100%;--awb-order-small:0;--awb-spacing-right-small:1.92%;--awb-margin-bottom-small:10px;--awb-spacing-left-small:1.92%;\"><div class=\"fusion-column-wrapper fusion-column-has-shadow fusion-flex-justify-content-flex-start fusion-content-layout-column\"><div class=\"fusion-image-element \" style=\"text-align:center;--awb-margin-top:12px;--awb-margin-bottom:24px;--awb-max-width:280px;--awb-caption-title-font-family:var(--h2_typography-font-family);--awb-caption-title-font-weight:var(--h2_typography-font-weight);--awb-caption-title-font-style:var(--h2_typography-font-style);--awb-caption-title-size:var(--h2_typography-font-size);--awb-caption-title-transform:var(--h2_typography-text-transform);--awb-caption-title-line-height:var(--h2_typography-line-height);--awb-caption-title-letter-spacing:var(--h2_typography-letter-spacing);\"><span class=\" fusion-imageframe imageframe-none imageframe-4 hover-type-none\" style=\"border-radius:12px;\"><a class=\"fusion-no-lightbox\" href=\"https:\/\/www.deutschlanddigital.org\/index.php\/loesungsanbieter\/\" target=\"_self\" aria-label=\"L\u00f6sungsanbieter\"><img decoding=\"async\" width=\"2226\" height=\"2267\" alt=\"Icon f\u00fcr L\u00f6sungsanbietende und Beratende, die huhu Deutschland verwenden (wollen).\" src=\"https:\/\/www.deutschlanddigital.org\/wp-content\/uploads\/sites\/16\/2023\/03\/Loesungsanbieter.png\" data-orig-src=\"https:\/\/www.deutschlanddigital.org\/wp-content\/uploads\/sites\/16\/2023\/03\/Loesungsanbieter.png\" class=\"lazyload img-responsive wp-image-5518\" srcset=\"data:image\/svg+xml,%3Csvg%20xmlns%3D%27http%3A%2F%2Fwww.w3.org%2F2000%2Fsvg%27%20width%3D%272226%27%20height%3D%272267%27%20viewBox%3D%270%200%202226%202267%27%3E%3Crect%20width%3D%272226%27%20height%3D%272267%27%20fill-opacity%3D%220%22%2F%3E%3C%2Fsvg%3E\" data-srcset=\"https:\/\/www.deutschlanddigital.org\/wp-content\/uploads\/sites\/16\/2023\/03\/Loesungsanbieter-200x204.png 200w, https:\/\/www.deutschlanddigital.org\/wp-content\/uploads\/sites\/16\/2023\/03\/Loesungsanbieter-400x407.png 400w, https:\/\/www.deutschlanddigital.org\/wp-content\/uploads\/sites\/16\/2023\/03\/Loesungsanbieter-600x611.png 600w, https:\/\/www.deutschlanddigital.org\/wp-content\/uploads\/sites\/16\/2023\/03\/Loesungsanbieter-800x815.png 800w, https:\/\/www.deutschlanddigital.org\/wp-content\/uploads\/sites\/16\/2023\/03\/Loesungsanbieter-1200x1222.png 1200w, https:\/\/www.deutschlanddigital.org\/wp-content\/uploads\/sites\/16\/2023\/03\/Loesungsanbieter.png 2226w\" data-sizes=\"auto\" data-orig-sizes=\"(max-width: 640px) 100vw, 600px\" \/><\/a><\/span><\/div><div class=\"fusion-title title fusion-title-8 fusion-sep-none fusion-title-center fusion-title-text fusion-title-size-three\" style=\"--awb-font-size:24px;\"><h3 class=\"fusion-title-heading title-heading-center fusion-responsive-typography-calculated\" style=\"margin:0;font-size:1em;--fontSize:24;line-height:1.42;\"><a href=\"https:\/\/www.deutschlanddigital.org\/index.php\/anbieter\/\">L\u00f6sungsanbieter und Dienstleister<\/a><\/h3><\/div><div class=\"fusion-text fusion-text-7\"><p style=\"text-align: center\">Ein Marktplatz als Vermittlungsplattform <\/p>\n<\/div><\/div><\/div><div class=\"fusion-layout-column fusion_builder_column fusion-builder-column-16 fusion_builder_column_1_2 1_2 fusion-flex-column\" style=\"--awb-padding-top:24px;--awb-padding-right:55px;--awb-padding-bottom:40px;--awb-padding-left:64px;--awb-overflow:hidden;--awb-bg-color:#ffffff;--awb-bg-color-hover:#ffffff;--awb-bg-size:cover;--awb-box-shadow:0px 2px 4px -1px rgba(0,0,0,0.05);;--awb-border-color:rgba(0,0,0,0.05);--awb-border-right:1px;--awb-border-bottom:1px;--awb-border-left:1px;--awb-border-style:solid;--awb-border-radius:8px 8px 8px 8px;--awb-width-large:50%;--awb-margin-top-large:20px;--awb-spacing-right-large:16px;--awb-margin-bottom-large:20px;--awb-spacing-left-large:16px;--awb-width-medium:50%;--awb-order-medium:0;--awb-spacing-right-medium:10px;--awb-spacing-left-medium:10px;--awb-width-small:100%;--awb-order-small:0;--awb-spacing-right-small:1.92%;--awb-margin-bottom-small:10px;--awb-spacing-left-small:1.92%;\"><div class=\"fusion-column-wrapper fusion-column-has-shadow fusion-flex-justify-content-flex-start fusion-content-layout-column\"><div class=\"fusion-image-element \" style=\"text-align:center;--awb-margin-top:12px;--awb-margin-bottom:24px;--awb-max-width:280px;--awb-caption-title-font-family:var(--h2_typography-font-family);--awb-caption-title-font-weight:var(--h2_typography-font-weight);--awb-caption-title-font-style:var(--h2_typography-font-style);--awb-caption-title-size:var(--h2_typography-font-size);--awb-caption-title-transform:var(--h2_typography-text-transform);--awb-caption-title-line-height:var(--h2_typography-line-height);--awb-caption-title-letter-spacing:var(--h2_typography-letter-spacing);\"><span class=\" fusion-imageframe imageframe-none imageframe-5 hover-type-none\" style=\"border-radius:12px;\"><a class=\"fusion-no-lightbox\" href=\"https:\/\/www.deutschlanddigital.org\/index.php\/buerger\/\" target=\"_self\" aria-label=\"BuergerInnen_Icon\"><img decoding=\"async\" width=\"2226\" height=\"2230\" alt=\"Icon f\u00fcr B\u00fcrger:innen, die Teil von huhu Deutschland werden wollen.\" src=\"https:\/\/www.deutschlanddigital.org\/wp-content\/uploads\/sites\/16\/2023\/03\/BuergerInnen_Icon.png\" data-orig-src=\"https:\/\/www.deutschlanddigital.org\/wp-content\/uploads\/sites\/16\/2023\/03\/BuergerInnen_Icon.png\" class=\"lazyload img-responsive wp-image-5522\" srcset=\"data:image\/svg+xml,%3Csvg%20xmlns%3D%27http%3A%2F%2Fwww.w3.org%2F2000%2Fsvg%27%20width%3D%272226%27%20height%3D%272230%27%20viewBox%3D%270%200%202226%202230%27%3E%3Crect%20width%3D%272226%27%20height%3D%272230%27%20fill-opacity%3D%220%22%2F%3E%3C%2Fsvg%3E\" data-srcset=\"https:\/\/www.deutschlanddigital.org\/wp-content\/uploads\/sites\/16\/2023\/03\/BuergerInnen_Icon-200x200.png 200w, https:\/\/www.deutschlanddigital.org\/wp-content\/uploads\/sites\/16\/2023\/03\/BuergerInnen_Icon-400x401.png 400w, https:\/\/www.deutschlanddigital.org\/wp-content\/uploads\/sites\/16\/2023\/03\/BuergerInnen_Icon-600x601.png 600w, https:\/\/www.deutschlanddigital.org\/wp-content\/uploads\/sites\/16\/2023\/03\/BuergerInnen_Icon-800x801.png 800w, https:\/\/www.deutschlanddigital.org\/wp-content\/uploads\/sites\/16\/2023\/03\/BuergerInnen_Icon-1200x1202.png 1200w, https:\/\/www.deutschlanddigital.org\/wp-content\/uploads\/sites\/16\/2023\/03\/BuergerInnen_Icon.png 2226w\" data-sizes=\"auto\" data-orig-sizes=\"(max-width: 640px) 100vw, 600px\" \/><\/a><\/span><\/div><div class=\"fusion-title title fusion-title-9 fusion-sep-none fusion-title-center fusion-title-text fusion-title-size-three\" style=\"--awb-font-size:24px;\"><h3 class=\"fusion-title-heading title-heading-center fusion-responsive-typography-calculated\" style=\"margin:0;font-size:1em;--fontSize:24;line-height:1.42;\"><a href=\"https:\/\/www.deutschlanddigital.org\/index.php\/buerger\/\">B\u00fcrger:innen<\/a><\/h3><\/div><div class=\"fusion-text fusion-text-8\"><p style=\"text-align: center\">Digitale L\u00f6sungen zur Verbesserung der Daseinsvorsorge<\/p>\n<\/div><\/div><\/div><div class=\"fusion-layout-column fusion_builder_column fusion-builder-column-17 fusion_builder_column_1_2 1_2 fusion-flex-column\" style=\"--awb-padding-top:24px;--awb-padding-right:55px;--awb-padding-bottom:40px;--awb-padding-left:64px;--awb-overflow:hidden;--awb-bg-color:#ffffff;--awb-bg-color-hover:#ffffff;--awb-bg-size:cover;--awb-box-shadow:0px 2px 4px -1px rgba(0,0,0,0.05);;--awb-border-color:rgba(0,0,0,0.05);--awb-border-right:1px;--awb-border-bottom:1px;--awb-border-left:1px;--awb-border-style:solid;--awb-border-radius:8px 8px 8px 8px;--awb-width-large:50%;--awb-margin-top-large:20px;--awb-spacing-right-large:16px;--awb-margin-bottom-large:20px;--awb-spacing-left-large:16px;--awb-width-medium:50%;--awb-order-medium:0;--awb-spacing-right-medium:10px;--awb-spacing-left-medium:10px;--awb-width-small:100%;--awb-order-small:0;--awb-spacing-right-small:1.92%;--awb-margin-bottom-small:10px;--awb-spacing-left-small:1.92%;\"><div class=\"fusion-column-wrapper fusion-column-has-shadow fusion-flex-justify-content-flex-start fusion-content-layout-column\"><div class=\"fusion-image-element \" style=\"text-align:center;--awb-margin-top:12px;--awb-margin-bottom:24px;--awb-max-width:280px;--awb-caption-title-font-family:var(--h2_typography-font-family);--awb-caption-title-font-weight:var(--h2_typography-font-weight);--awb-caption-title-font-style:var(--h2_typography-font-style);--awb-caption-title-size:var(--h2_typography-font-size);--awb-caption-title-transform:var(--h2_typography-text-transform);--awb-caption-title-line-height:var(--h2_typography-line-height);--awb-caption-title-letter-spacing:var(--h2_typography-letter-spacing);\"><span class=\" fusion-imageframe imageframe-none imageframe-6 hover-type-none\" style=\"border-radius:12px;\"><a class=\"fusion-no-lightbox\" href=\"https:\/\/www.deutschlanddigital.org\/index.php\/aufgabentraeger\/\" target=\"_self\" aria-label=\"Icon_Others\"><img decoding=\"async\" width=\"800\" height=\"800\" alt=\"Icon f\u00fcr B\u00fcrger:innen, die Teil von huhu Deutschland werden wollen.\" src=\"https:\/\/www.deutschlanddigital.org\/wp-content\/uploads\/sites\/16\/2025\/01\/Icon_Others.png\" data-orig-src=\"https:\/\/www.deutschlanddigital.org\/wp-content\/uploads\/sites\/16\/2025\/01\/Icon_Others-800x800.png\" class=\"lazyload img-responsive wp-image-6688\" srcset=\"data:image\/svg+xml,%3Csvg%20xmlns%3D%27http%3A%2F%2Fwww.w3.org%2F2000%2Fsvg%27%20width%3D%272226%27%20height%3D%272225%27%20viewBox%3D%270%200%202226%202225%27%3E%3Crect%20width%3D%272226%27%20height%3D%272225%27%20fill-opacity%3D%220%22%2F%3E%3C%2Fsvg%3E\" data-srcset=\"https:\/\/www.deutschlanddigital.org\/wp-content\/uploads\/sites\/16\/2025\/01\/Icon_Others-200x200.png 200w, https:\/\/www.deutschlanddigital.org\/wp-content\/uploads\/sites\/16\/2025\/01\/Icon_Others-400x400.png 400w, https:\/\/www.deutschlanddigital.org\/wp-content\/uploads\/sites\/16\/2025\/01\/Icon_Others-600x600.png 600w, https:\/\/www.deutschlanddigital.org\/wp-content\/uploads\/sites\/16\/2025\/01\/Icon_Others-800x800.png 800w, https:\/\/www.deutschlanddigital.org\/wp-content\/uploads\/sites\/16\/2025\/01\/Icon_Others-1200x1199.png 1200w\" data-sizes=\"auto\" data-orig-sizes=\"(max-width: 640px) 100vw, 600px\" \/><\/a><\/span><\/div><div class=\"fusion-title title fusion-title-10 fusion-sep-none fusion-title-center fusion-title-text fusion-title-size-three\" style=\"--awb-font-size:24px;\"><h3 class=\"fusion-title-heading title-heading-center fusion-responsive-typography-calculated\" style=\"margin:0;font-size:1em;--fontSize:24;line-height:1.42;\"><a href=\"https:\/\/www.deutschlanddigital.org\/index.php\/aufgabentraeger\/\">Weitere \u00f6ffentliche Aufgabentr\u00e4ger<\/a><\/h3><\/div><div class=\"fusion-text fusion-text-9\"><p style=\"text-align: center\">Digitale L\u00f6sungen zur Verbesserung der Daseinsvorsorge<\/p>\n<\/div><\/div><\/div><\/div><\/div><div class=\"fusion-fullwidth fullwidth-box fusion-builder-row-5 fusion-flex-container has-pattern-background has-mask-background nonhundred-percent-fullwidth non-hundred-percent-height-scrolling\" style=\"--awb-border-radius-top-left:0px;--awb-border-radius-top-right:0px;--awb-border-radius-bottom-right:0px;--awb-border-radius-bottom-left:0px;--awb-flex-wrap:wrap;\" ><div class=\"fusion-builder-row fusion-row fusion-flex-align-items-flex-start fusion-flex-content-wrap\" style=\"max-width:1310.4px;margin-left: calc(-4% \/ 2 );margin-right: calc(-4% \/ 2 );\"><div class=\"fusion-layout-column fusion_builder_column fusion-builder-column-18 fusion_builder_column_1_1 1_1 fusion-flex-column\" style=\"--awb-bg-size:cover;--awb-width-large:100%;--awb-margin-top-large:20px;--awb-spacing-right-large:1.92%;--awb-margin-bottom-large:20px;--awb-spacing-left-large:1.92%;--awb-width-medium:100%;--awb-order-medium:0;--awb-spacing-right-medium:1.92%;--awb-spacing-left-medium:1.92%;--awb-width-small:100%;--awb-order-small:0;--awb-spacing-right-small:1.92%;--awb-spacing-left-small:1.92%;\"><div class=\"fusion-column-wrapper fusion-column-has-shadow fusion-flex-justify-content-flex-start fusion-content-layout-column\"><div class=\"fusion-blog-shortcode fusion-blog-shortcode-1 fusion-blog-archive fusion-blog-layout-medium fusion-blog-pagination\"><div class=\"fusion-posts-container fusion-posts-container-pagination fusion-no-meta-info fusion-blog-rollover\" data-pages=\"2\"><article id=\"blog-1-post-7332\" class=\"fusion-post-medium post-7332 post type-post status-publish format-standard has-post-thumbnail hentry category-uncategorized\">\n\t<style type=\"text\/css\">\n\t\t\n\t\t\n\t\t\n\t\t\n\t\t\t<\/style>\n\n\n\t\t\t<div class=\"fusion-flexslider flexslider fusion-flexslider-loading fusion-post-slideshow\" style=\"\">\n\t\t<ul class=\"slides\">\n\t\t\t\n\t\t\t\t\t\t\t\t\t\t\t\t\t\t<li><div  class=\"fusion-image-wrapper fusion-image-size-fixed\" aria-haspopup=\"true\">\n\t\t\t\t<img decoding=\"async\" width=\"320\" height=\"202\" src=\"https:\/\/www.deutschlanddigital.org\/wp-content\/uploads\/sites\/16\/2026\/04\/Marktplatz_OSS-Check-320x202.png\" class=\"attachment-blog-medium size-blog-medium lazyload wp-post-image\" alt=\"Eine Vorschau des verbesserten Marktplatzes bei Open-Source-L\u00f6sungen\" srcset=\"data:image\/svg+xml,%3Csvg%20xmlns%3D%27http%3A%2F%2Fwww.w3.org%2F2000%2Fsvg%27%20width%3D%271920%27%20height%3D%27904%27%20viewBox%3D%270%200%201920%20904%27%3E%3Crect%20width%3D%271920%27%20height%3D%27904%27%20fill-opacity%3D%220%22%2F%3E%3C%2Fsvg%3E\" data-orig-src=\"https:\/\/www.deutschlanddigital.org\/wp-content\/uploads\/sites\/16\/2026\/04\/Marktplatz_OSS-Check-320x202.png\" data-srcset=\"https:\/\/www.deutschlanddigital.org\/wp-content\/uploads\/sites\/16\/2026\/04\/Marktplatz_OSS-Check-320x202.png 320w, https:\/\/www.deutschlanddigital.org\/wp-content\/uploads\/sites\/16\/2026\/04\/Marktplatz_OSS-Check-700x441.png 700w\" data-sizes=\"auto\" \/><div class=\"fusion-rollover\">\n\t<div class=\"fusion-rollover-content\">\n\n\t\t\t\t\n\t\t\n\t\t\t\t\t\t\t\t\n\t\t\t\t\t\t\t\t\n\t\t\n\t\t\t\t\t\t<a class=\"fusion-link-wrapper\" href=\"https:\/\/www.deutschlanddigital.org\/index.php\/2026\/04\/02\/marktplatz-release-6-0\/\" aria-label=\"Marktplatz Release 6.0\"><\/a>\n\t<\/div>\n<\/div>\n<\/div>\n<\/li>\n\t\t\t\n\t\t\t\n\t\t\t\t\t\t\t\t\t\t\t\t\t\t\t\t\t\t\t\t\t\t\t\t\t\t\t\t\t\t\t\t\t\t\t\t\t\t\t\t\t\t\t\t\t\t\t\t\t\t\t\t\t\t\t\t\t\t\t\t\t\t\t\t\t\t\t\t<\/ul>\n\t<\/div>\n\t<div class=\"fusion-post-content post-content\"><h2 class=\"blog-shortcode-post-title entry-title\"><a href=\"https:\/\/www.deutschlanddigital.org\/index.php\/2026\/04\/02\/marktplatz-release-6-0\/\">Marktplatz Release 6.0<\/a><\/h2><div class=\"fusion-post-content-container\"><p>Das Release 6.0 des Marktplatzes DEUTSCHLAND.DIGITAL bietet den Nutzern mehr Klarheit und ein verbessertes Nutzererlebnis.\r\nIm Mittelpunkt steht die \u00fcberarbeitete automatisierte Bewertung \u2013 jetzt als OSS-Check. Ziel ist es, dessen Ergebnisse pr\u00e4ziser und gleichzeitig schneller erfassbar zu machen. Erg\u00e4nzt wird dies durch gezielte UX\/UI-Verbesserungen sowie verbesserte Suchfunktionen.<\/p><\/div><\/div><div class=\"fusion-clearfix\"><\/div><\/article>\n<article id=\"blog-1-post-7291\" class=\"fusion-post-medium post-7291 post type-post status-publish format-standard has-post-thumbnail hentry category-uncategorized\">\n\t<style type=\"text\/css\">\n\t\t\n\t\t\n\t\t\n\t\t\n\t\t\t<\/style>\n\n\n\t\t\t<div class=\"fusion-flexslider flexslider fusion-flexslider-loading fusion-post-slideshow\" style=\"\">\n\t\t<ul class=\"slides\">\n\t\t\t\n\t\t\t\t\t\t\t\t\t\t\t\t\t\t<li><div  class=\"fusion-image-wrapper fusion-image-size-fixed\" aria-haspopup=\"true\">\n\t\t\t\t<img decoding=\"async\" width=\"320\" height=\"202\" src=\"https:\/\/www.deutschlanddigital.org\/wp-content\/uploads\/sites\/16\/2026\/02\/Image-4-scaled-e1770115593320-320x202.jpg\" class=\"attachment-blog-medium size-blog-medium lazyload wp-post-image\" alt=\"Er\u00f6ffnung des Forums, mit einer B\u00fchne und einerm Saal voller Personen.\" srcset=\"data:image\/svg+xml,%3Csvg%20xmlns%3D%27http%3A%2F%2Fwww.w3.org%2F2000%2Fsvg%27%20width%3D%271920%27%20height%3D%271148%27%20viewBox%3D%270%200%201920%201148%27%3E%3Crect%20width%3D%271920%27%20height%3D%271148%27%20fill-opacity%3D%220%22%2F%3E%3C%2Fsvg%3E\" data-orig-src=\"https:\/\/www.deutschlanddigital.org\/wp-content\/uploads\/sites\/16\/2026\/02\/Image-4-scaled-e1770115593320-320x202.jpg\" data-srcset=\"https:\/\/www.deutschlanddigital.org\/wp-content\/uploads\/sites\/16\/2026\/02\/Image-4-scaled-e1770115593320-320x202.jpg 320w, https:\/\/www.deutschlanddigital.org\/wp-content\/uploads\/sites\/16\/2026\/02\/Image-4-scaled-e1770115593320-700x441.jpg 700w\" data-sizes=\"auto\" \/><div class=\"fusion-rollover\">\n\t<div class=\"fusion-rollover-content\">\n\n\t\t\t\t\n\t\t\n\t\t\t\t\t\t\t\t\n\t\t\t\t\t\t\t\t\n\t\t\n\t\t\t\t\t\t<a class=\"fusion-link-wrapper\" href=\"https:\/\/www.deutschlanddigital.org\/index.php\/2026\/02\/17\/19-zukunftsforum-laendliche-entwicklung\/\" aria-label=\"19. Zukunftsforum L\u00e4ndliche Entwicklung\"><\/a>\n\t<\/div>\n<\/div>\n<\/div>\n<\/li>\n\t\t\t\n\t\t\t\n\t\t\t\t\t\t\t\t\t\t\t\t\t\t\t\t\t\t\t\t\t\t\t\t\t\t\t\t\t\t\t\t\t\t\t\t\t\t\t\t\t\t\t\t\t\t\t\t\t\t\t\t\t\t\t\t\t\t\t\t\t\t\t\t\t\t\t\t<\/ul>\n\t<\/div>\n\t<div class=\"fusion-post-content post-content\"><h2 class=\"blog-shortcode-post-title entry-title\"><a href=\"https:\/\/www.deutschlanddigital.org\/index.php\/2026\/02\/17\/19-zukunftsforum-laendliche-entwicklung\/\">19. Zukunftsforum L\u00e4ndliche Entwicklung<\/a><\/h2><div class=\"fusion-post-content-container\"><p>Das 19. Zukunftsforum L\u00e4ndliche Entwicklung stand in diesem Jahr unter dem Motto \u201eRegionale Transformation gestalten\u201c \u2013 und wir waren mittendrin. Mit dem Marktplatz DEUTSCHLAND.DIGITAL durften wir am Markt der M\u00f6glichkeiten teilnehmen.<\/p><\/div><\/div><div class=\"fusion-clearfix\"><\/div><\/article>\n<article id=\"blog-1-post-7287\" class=\"fusion-post-medium post-7287 post type-post status-publish format-standard has-post-thumbnail hentry category-uncategorized\">\n\t<style type=\"text\/css\">\n\t\t\n\t\t\n\t\t\n\t\t\n\t\t\t<\/style>\n\n\n\t\t\t<div class=\"fusion-flexslider flexslider fusion-flexslider-loading fusion-post-slideshow\" style=\"\">\n\t\t<ul class=\"slides\">\n\t\t\t\n\t\t\t\t\t\t\t\t\t\t\t\t\t\t<li><div  class=\"fusion-image-wrapper fusion-image-size-fixed\" aria-haspopup=\"true\">\n\t\t\t\t<img decoding=\"async\" width=\"320\" height=\"202\" src=\"https:\/\/www.deutschlanddigital.org\/wp-content\/uploads\/sites\/16\/2026\/02\/Screenshot-2026-02-06-085911-320x202.png\" class=\"attachment-blog-medium size-blog-medium lazyload wp-post-image\" alt=\"\" srcset=\"data:image\/svg+xml,%3Csvg%20xmlns%3D%27http%3A%2F%2Fwww.w3.org%2F2000%2Fsvg%27%20width%3D%271399%27%20height%3D%271171%27%20viewBox%3D%270%200%201399%201171%27%3E%3Crect%20width%3D%271399%27%20height%3D%271171%27%20fill-opacity%3D%220%22%2F%3E%3C%2Fsvg%3E\" data-orig-src=\"https:\/\/www.deutschlanddigital.org\/wp-content\/uploads\/sites\/16\/2026\/02\/Screenshot-2026-02-06-085911-320x202.png\" data-srcset=\"https:\/\/www.deutschlanddigital.org\/wp-content\/uploads\/sites\/16\/2026\/02\/Screenshot-2026-02-06-085911-320x202.png 320w, https:\/\/www.deutschlanddigital.org\/wp-content\/uploads\/sites\/16\/2026\/02\/Screenshot-2026-02-06-085911-700x441.png 700w\" data-sizes=\"auto\" \/><div class=\"fusion-rollover\">\n\t<div class=\"fusion-rollover-content\">\n\n\t\t\t\t\n\t\t\n\t\t\t\t\t\t\t\t\n\t\t\t\t\t\t\t\t\n\t\t\n\t\t\t\t\t\t<a class=\"fusion-link-wrapper\" href=\"https:\/\/www.deutschlanddigital.org\/index.php\/2026\/02\/06\/release-5-0\/\" aria-label=\"Marktplatz Release 5.0\"><\/a>\n\t<\/div>\n<\/div>\n<\/div>\n<\/li>\n\t\t\t\n\t\t\t\n\t\t\t\t\t\t\t\t\t\t\t\t\t\t\t\t\t\t\t\t\t\t\t\t\t\t\t\t\t\t\t\t\t\t\t\t\t\t\t\t\t\t\t\t\t\t\t\t\t\t\t\t\t\t\t\t\t\t\t\t\t\t\t\t\t\t\t\t<\/ul>\n\t<\/div>\n\t<div class=\"fusion-post-content post-content\"><h2 class=\"blog-shortcode-post-title entry-title\"><a href=\"https:\/\/www.deutschlanddigital.org\/index.php\/2026\/02\/06\/release-5-0\/\">Marktplatz Release 5.0<\/a><\/h2><div class=\"fusion-post-content-container\"><p>Mit dem Release 5.0 erweitern wir den DEUTSCHLAND.DIGITAL Marktplatz um neue Funktionen f\u00fcr mehr Transparenz, bessere Vernetzung und eine einfachere Verwaltung. Neben neuen Filterm\u00f6glichkeiten und einer Kartenansicht der teilnehmenden Kommunen wurde auch die automatisierte Bewertung erweitert und der administrative Bereich \u00fcberarbeitet.<\/p><\/div><\/div><div class=\"fusion-clearfix\"><\/div><\/article>\n<article id=\"blog-1-post-7258\" class=\"fusion-post-medium post-7258 post type-post status-publish format-standard has-post-thumbnail hentry category-uncategorized\">\n\t<style type=\"text\/css\">\n\t\t\n\t\t\n\t\t\n\t\t\n\t\t\t<\/style>\n\n\n\t\t\t<div class=\"fusion-flexslider flexslider fusion-flexslider-loading fusion-post-slideshow\" style=\"\">\n\t\t<ul class=\"slides\">\n\t\t\t\n\t\t\t\t\t\t\t\t\t\t\t\t\t\t<li><div  class=\"fusion-image-wrapper fusion-image-size-fixed\" aria-haspopup=\"true\">\n\t\t\t\t<img decoding=\"async\" width=\"320\" height=\"202\" src=\"https:\/\/www.deutschlanddigital.org\/wp-content\/uploads\/sites\/16\/2025\/11\/Release_4_Titel-320x202.png\" class=\"attachment-blog-medium size-blog-medium lazyload wp-post-image\" alt=\"Der Marktplatz 4.0\" srcset=\"data:image\/svg+xml,%3Csvg%20xmlns%3D%27http%3A%2F%2Fwww.w3.org%2F2000%2Fsvg%27%20width%3D%271122%27%20height%3D%27829%27%20viewBox%3D%270%200%201122%20829%27%3E%3Crect%20width%3D%271122%27%20height%3D%27829%27%20fill-opacity%3D%220%22%2F%3E%3C%2Fsvg%3E\" data-orig-src=\"https:\/\/www.deutschlanddigital.org\/wp-content\/uploads\/sites\/16\/2025\/11\/Release_4_Titel-320x202.png\" data-srcset=\"https:\/\/www.deutschlanddigital.org\/wp-content\/uploads\/sites\/16\/2025\/11\/Release_4_Titel-320x202.png 320w, https:\/\/www.deutschlanddigital.org\/wp-content\/uploads\/sites\/16\/2025\/11\/Release_4_Titel-700x441.png 700w\" data-sizes=\"auto\" \/><div class=\"fusion-rollover\">\n\t<div class=\"fusion-rollover-content\">\n\n\t\t\t\t\n\t\t\n\t\t\t\t\t\t\t\t\n\t\t\t\t\t\t\t\t\n\t\t\n\t\t\t\t\t\t<a class=\"fusion-link-wrapper\" href=\"https:\/\/www.deutschlanddigital.org\/index.php\/2025\/11\/26\/marktplatz-release-4-0\/\" aria-label=\"Marktplatz Release 4.0\"><\/a>\n\t<\/div>\n<\/div>\n<\/div>\n<\/li>\n\t\t\t\n\t\t\t\n\t\t\t\t\t\t\t\t\t\t\t\t\t\t\t\t\t\t\t\t\t\t\t\t\t\t\t\t\t\t\t\t\t\t\t\t\t\t\t\t\t\t\t\t\t\t\t\t\t\t\t\t\t\t\t\t\t\t\t\t\t\t\t\t\t\t\t\t<\/ul>\n\t<\/div>\n\t<div class=\"fusion-post-content post-content\"><h2 class=\"blog-shortcode-post-title entry-title\"><a href=\"https:\/\/www.deutschlanddigital.org\/index.php\/2025\/11\/26\/marktplatz-release-4-0\/\">Marktplatz Release 4.0<\/a><\/h2><div class=\"fusion-post-content-container\"><p>Ein neues Update f\u00fcr den Marktplatz DEUTSCHLAND.DIGITAL ist verf\u00fcgbar: Release 4.0!\r\nDas Release 4.0 legt den Schwerpunkt auf die Suche, Verwaltung und Bereitstellung digitaler L\u00f6sungen und Dienstleistungen in Deutschland. Die neue Version setzt damit konsequent den Weg fort, den der Marktplatz bereits mit vorherigen Releases eingeschlagen hat: Mehr Transparenz, mehr Orientierung, mehr Effizienz.<\/p><\/div><\/div><div class=\"fusion-clearfix\"><\/div><\/article>\n<article id=\"blog-1-post-7180\" class=\"fusion-post-medium post-7180 post type-post status-publish format-standard has-post-thumbnail hentry category-uncategorized\">\n\t<style type=\"text\/css\">\n\t\t\n\t\t\n\t\t\n\t\t\n\t\t\t<\/style>\n\n\n\t\t\t<div class=\"fusion-flexslider flexslider fusion-flexslider-loading fusion-post-slideshow\" style=\"\">\n\t\t<ul class=\"slides\">\n\t\t\t\n\t\t\t\t\t\t\t\t\t\t\t\t\t\t<li><div  class=\"fusion-image-wrapper fusion-image-size-fixed\" aria-haspopup=\"true\">\n\t\t\t\t<img decoding=\"async\" width=\"320\" height=\"202\" src=\"https:\/\/www.deutschlanddigital.org\/wp-content\/uploads\/sites\/16\/2025\/09\/Bild-1-e1758881007560-320x202.jpg\" class=\"attachment-blog-medium size-blog-medium lazyload wp-post-image\" alt=\"Vorschau Marktplatz Release 3.0\" srcset=\"data:image\/svg+xml,%3Csvg%20xmlns%3D%27http%3A%2F%2Fwww.w3.org%2F2000%2Fsvg%27%20width%3D%27800%27%20height%3D%27533%27%20viewBox%3D%270%200%20800%20533%27%3E%3Crect%20width%3D%27800%27%20height%3D%27533%27%20fill-opacity%3D%220%22%2F%3E%3C%2Fsvg%3E\" data-orig-src=\"https:\/\/www.deutschlanddigital.org\/wp-content\/uploads\/sites\/16\/2025\/09\/Bild-1-e1758881007560-320x202.jpg\" data-srcset=\"https:\/\/www.deutschlanddigital.org\/wp-content\/uploads\/sites\/16\/2025\/09\/Bild-1-e1758881007560-320x202.jpg 320w, https:\/\/www.deutschlanddigital.org\/wp-content\/uploads\/sites\/16\/2025\/09\/Bild-1-e1758881007560-700x441.jpg 700w\" data-sizes=\"auto\" \/><div class=\"fusion-rollover\">\n\t<div class=\"fusion-rollover-content\">\n\n\t\t\t\t\n\t\t\n\t\t\t\t\t\t\t\t\n\t\t\t\t\t\t\t\t\n\t\t\n\t\t\t\t\t\t<a class=\"fusion-link-wrapper\" href=\"https:\/\/www.deutschlanddigital.org\/index.php\/2025\/09\/26\/marktplatz-release-3-0\/\" aria-label=\"Marktplatz Release 3.0\"><\/a>\n\t<\/div>\n<\/div>\n<\/div>\n<\/li>\n\t\t\t\n\t\t\t\n\t\t\t\t\t\t\t\t\t\t\t\t\t\t\t\t\t\t\t\t\t\t\t\t\t\t\t\t\t\t\t\t\t\t\t\t\t\t\t\t\t\t\t\t\t\t\t\t\t\t\t\t\t\t\t\t\t\t\t\t\t\t\t\t\t\t\t\t<\/ul>\n\t<\/div>\n\t<div class=\"fusion-post-content post-content\"><h2 class=\"blog-shortcode-post-title entry-title\"><a href=\"https:\/\/www.deutschlanddigital.org\/index.php\/2025\/09\/26\/marktplatz-release-3-0\/\">Marktplatz Release 3.0<\/a><\/h2><div class=\"fusion-post-content-container\"><p>Mit Release 3.0 unseres Marktplatzes setzen wir unsere kontinuierliche Weiterentwicklung gezielt fort. Das neue Update bringt zahlreiche Erweiterungen und Optimierungen, die Kommunen und Anbietenden gleicherma\u00dfen zugutekommen.<\/p><\/div><\/div><div class=\"fusion-clearfix\"><\/div><\/article>\n<article id=\"blog-1-post-7142\" class=\"fusion-post-medium post-7142 post type-post status-publish format-standard has-post-thumbnail hentry category-uncategorized\">\n\t<style type=\"text\/css\">\n\t\t\n\t\t\n\t\t\n\t\t\n\t\t\t<\/style>\n\n\n\t\t\t<div class=\"fusion-flexslider flexslider fusion-flexslider-loading fusion-post-slideshow\" style=\"\">\n\t\t<ul class=\"slides\">\n\t\t\t\n\t\t\t\t\t\t\t\t\t\t\t\t\t\t<li><div  class=\"fusion-image-wrapper fusion-image-size-fixed\" aria-haspopup=\"true\">\n\t\t\t\t<img decoding=\"async\" width=\"320\" height=\"202\" src=\"https:\/\/www.deutschlanddigital.org\/wp-content\/uploads\/sites\/16\/2025\/08\/Bild-320x202.png\" class=\"attachment-blog-medium size-blog-medium lazyload wp-post-image\" alt=\"\" srcset=\"data:image\/svg+xml,%3Csvg%20xmlns%3D%27http%3A%2F%2Fwww.w3.org%2F2000%2Fsvg%27%20width%3D%271343%27%20height%3D%27630%27%20viewBox%3D%270%200%201343%20630%27%3E%3Crect%20width%3D%271343%27%20height%3D%27630%27%20fill-opacity%3D%220%22%2F%3E%3C%2Fsvg%3E\" data-orig-src=\"https:\/\/www.deutschlanddigital.org\/wp-content\/uploads\/sites\/16\/2025\/08\/Bild-320x202.png\" data-srcset=\"https:\/\/www.deutschlanddigital.org\/wp-content\/uploads\/sites\/16\/2025\/08\/Bild-320x202.png 320w, https:\/\/www.deutschlanddigital.org\/wp-content\/uploads\/sites\/16\/2025\/08\/Bild-700x441.png 700w\" data-sizes=\"auto\" \/><div class=\"fusion-rollover\">\n\t<div class=\"fusion-rollover-content\">\n\n\t\t\t\t\n\t\t\n\t\t\t\t\t\t\t\t\n\t\t\t\t\t\t\t\t\n\t\t\n\t\t\t\t\t\t<a class=\"fusion-link-wrapper\" href=\"https:\/\/www.deutschlanddigital.org\/index.php\/2025\/08\/14\/marktplatz-release-2-0\/\" aria-label=\"Marktplatz Release 2.0\"><\/a>\n\t<\/div>\n<\/div>\n<\/div>\n<\/li>\n\t\t\t\n\t\t\t\n\t\t\t\t\t\t\t\t\t\t\t\t\t\t\t\t\t\t\t\t\t\t\t\t\t\t\t\t\t\t\t\t\t\t\t\t\t\t\t\t\t\t\t\t\t\t\t\t\t\t\t\t\t\t\t\t\t\t\t\t\t\t\t\t\t\t\t\t<\/ul>\n\t<\/div>\n\t<div class=\"fusion-post-content post-content\"><h2 class=\"blog-shortcode-post-title entry-title\"><a href=\"https:\/\/www.deutschlanddigital.org\/index.php\/2025\/08\/14\/marktplatz-release-2-0\/\">Marktplatz Release 2.0<\/a><\/h2><div class=\"fusion-post-content-container\"><p>Nach dem erfolgreichen Start unseres Marktplatzes arbeiten wir kontinuierlich daran, es den Nutzern leichter zu machen genau jene digitalen L\u00f6sungen und Dienstleistungen zu finden, die sie wirklich brauchen. Daher freuen wir uns, mit dem Update 2.0 viele neue Funktionen einzuf\u00fchren, die den Marktplatz noch nutzerfreundlicher und effektiver machen. Seit dem 14. August 2025 k\u00f6nnen neue Arten von Angeboten eingestellt werden und mittels neuer Filter leichter durchsucht werden.<\/p><\/div><\/div><div class=\"fusion-clearfix\"><\/div><\/article>\n<\/div><div class=\"pagination clearfix\"><span class=\"current\">1<\/span><a href=\"https:\/\/www.deutschlanddigital.org\/index.php\/wp-json\/wp\/v2\/pages\/4\/page\/2\/\" class=\"inactive\">2<\/a><a class=\"pagination-next\" rel=\"next\" href=\"https:\/\/www.deutschlanddigital.org\/index.php\/wp-json\/wp\/v2\/pages\/4\/page\/2\/\"><span class=\"page-text\">Vor<\/span><span class=\"page-next\"><\/span><\/a><\/div><div class=\"fusion-clearfix\"><\/div><\/div><\/div><\/div><\/div><\/div><\/p>\n","protected":false},"excerpt":{"rendered":"","protected":false},"author":5,"featured_media":6546,"parent":0,"menu_order":0,"comment_status":"closed","ping_status":"closed","template":"","meta":{"footnotes":""},"class_list":["post-4","page","type-page","status-publish","has-post-thumbnail","hentry"],"yoast_head":"<!-- This site is optimized with the Yoast SEO plugin v27.4 - https:\/\/yoast.com\/product\/yoast-seo-wordpress\/ -->\n<title>DEUTSCHLAND.DIGITAL - digitale L\u00f6sungen f\u00fcr smarte Kommunen<\/title>\n<meta name=\"description\" content=\"DEUTSCHLAND.DIGITAL ist Teil des Forschungsvorhabens Smarte.Land.Regionen, das auf die Verbesserung der Daseinsvorsorge abzielt.\" \/>\n<meta name=\"robots\" content=\"index, follow, max-snippet:-1, max-image-preview:large, max-video-preview:-1\" \/>\n<link rel=\"canonical\" href=\"https:\/\/www.deutschlanddigital.org\/\" \/>\n<meta property=\"og:locale\" content=\"de_DE\" \/>\n<meta property=\"og:type\" content=\"article\" \/>\n<meta property=\"og:title\" content=\"DEUTSCHLAND.DIGITAL\" \/>\n<meta property=\"og:description\" content=\"DEUTSCHLAND.DIGITAL ist Teil des Forschungsvorhabens Smarte.Land.Regionen, das auf die Verbesserung der Daseinsvorsorge abzielt.\" \/>\n<meta property=\"og:url\" content=\"https:\/\/www.deutschlanddigital.org\/\" \/>\n<meta property=\"og:site_name\" content=\"DEUTSCHLAND.DIGITAL\" \/>\n<meta property=\"article:publisher\" content=\"https:\/\/www.facebook.com\/SLRegionen\" \/>\n<meta property=\"article:modified_time\" content=\"2025-09-26T07:16:11+00:00\" \/>\n<meta property=\"og:image\" content=\"https:\/\/www.deutschlanddigital.org\/wp-content\/uploads\/sites\/16\/2024\/07\/Share-Image-DEUTSCHLAND.DIGITAL.png\" \/>\n\t<meta property=\"og:image:width\" content=\"1182\" \/>\n\t<meta property=\"og:image:height\" content=\"856\" \/>\n\t<meta property=\"og:image:type\" content=\"image\/png\" \/>\n<meta name=\"twitter:card\" content=\"summary_large_image\" \/>\n<meta name=\"twitter:title\" content=\"DEUTSCHLAND.DIGITAL\" \/>\n<meta name=\"twitter:image\" content=\"https:\/\/www.deutschlanddigital.org\/wp-content\/uploads\/sites\/16\/2024\/07\/Share-Image-DEUTSCHLAND.DIGITAL.png\" \/>\n<meta name=\"twitter:site\" content=\"@SLRegionen\" \/>\n<meta name=\"twitter:label1\" content=\"Gesch\u00e4tzte Lesezeit\" \/>\n\t<meta name=\"twitter:data1\" content=\"4\u00a0Minuten\" \/>\n<script type=\"application\/ld+json\" class=\"yoast-schema-graph\">{\"@context\":\"https:\\\/\\\/schema.org\",\"@graph\":[{\"@type\":\"WebPage\",\"@id\":\"https:\\\/\\\/www.deutschlanddigital.org\\\/\",\"url\":\"https:\\\/\\\/www.deutschlanddigital.org\\\/\",\"name\":\"DEUTSCHLAND.DIGITAL - digitale L\u00f6sungen f\u00fcr smarte Kommunen\",\"isPartOf\":{\"@id\":\"https:\\\/\\\/www.deutschlanddigital.org\\\/#website\"},\"primaryImageOfPage\":{\"@id\":\"https:\\\/\\\/www.deutschlanddigital.org\\\/#primaryimage\"},\"image\":{\"@id\":\"https:\\\/\\\/www.deutschlanddigital.org\\\/#primaryimage\"},\"thumbnailUrl\":\"https:\\\/\\\/www.deutschlanddigital.org\\\/wp-content\\\/uploads\\\/sites\\\/16\\\/2024\\\/07\\\/Share-Image-DEUTSCHLAND.DIGITAL.png\",\"datePublished\":\"2020-08-19T16:08:38+00:00\",\"dateModified\":\"2025-09-26T07:16:11+00:00\",\"description\":\"DEUTSCHLAND.DIGITAL ist Teil des Forschungsvorhabens Smarte.Land.Regionen, das auf die Verbesserung der Daseinsvorsorge abzielt.\",\"breadcrumb\":{\"@id\":\"https:\\\/\\\/www.deutschlanddigital.org\\\/#breadcrumb\"},\"inLanguage\":\"de\",\"potentialAction\":[{\"@type\":\"ReadAction\",\"target\":[\"https:\\\/\\\/www.deutschlanddigital.org\\\/\"]}]},{\"@type\":\"ImageObject\",\"inLanguage\":\"de\",\"@id\":\"https:\\\/\\\/www.deutschlanddigital.org\\\/#primaryimage\",\"url\":\"https:\\\/\\\/www.deutschlanddigital.org\\\/wp-content\\\/uploads\\\/sites\\\/16\\\/2024\\\/07\\\/Share-Image-DEUTSCHLAND.DIGITAL.png\",\"contentUrl\":\"https:\\\/\\\/www.deutschlanddigital.org\\\/wp-content\\\/uploads\\\/sites\\\/16\\\/2024\\\/07\\\/Share-Image-DEUTSCHLAND.DIGITAL.png\",\"width\":1182,\"height\":856},{\"@type\":\"BreadcrumbList\",\"@id\":\"https:\\\/\\\/www.deutschlanddigital.org\\\/#breadcrumb\",\"itemListElement\":[{\"@type\":\"ListItem\",\"position\":1,\"name\":\"Home\",\"item\":\"https:\\\/\\\/www.deutschlanddigital.org\\\/\"},{\"@type\":\"ListItem\",\"position\":2,\"name\":\"Startseite\"}]},{\"@type\":\"WebSite\",\"@id\":\"https:\\\/\\\/www.deutschlanddigital.org\\\/#website\",\"url\":\"https:\\\/\\\/www.deutschlanddigital.org\\\/\",\"name\":\"DEUTSCHLAND.DIGITAL\",\"description\":\"Smarte L\u00f6sungen f\u00fcr smarte Kommunen\",\"publisher\":{\"@id\":\"https:\\\/\\\/www.deutschlanddigital.org\\\/#organization\"},\"alternateName\":\"digitaler Marktplatz f\u00fcr die Daseinsvorsorge\",\"potentialAction\":[{\"@type\":\"SearchAction\",\"target\":{\"@type\":\"EntryPoint\",\"urlTemplate\":\"https:\\\/\\\/www.deutschlanddigital.org\\\/?s={search_term_string}\"},\"query-input\":{\"@type\":\"PropertyValueSpecification\",\"valueRequired\":true,\"valueName\":\"search_term_string\"}}],\"inLanguage\":\"de\"},{\"@type\":\"Organization\",\"@id\":\"https:\\\/\\\/www.deutschlanddigital.org\\\/#organization\",\"name\":\"Fraunhofer IESE\",\"url\":\"https:\\\/\\\/www.deutschlanddigital.org\\\/\",\"logo\":{\"@type\":\"ImageObject\",\"inLanguage\":\"de\",\"@id\":\"https:\\\/\\\/www.deutschlanddigital.org\\\/#\\\/schema\\\/logo\\\/image\\\/\",\"url\":\"https:\\\/\\\/www.deutschlanddigital.org\\\/wp-content\\\/uploads\\\/sites\\\/16\\\/2024\\\/07\\\/Favicon.png\",\"contentUrl\":\"https:\\\/\\\/www.deutschlanddigital.org\\\/wp-content\\\/uploads\\\/sites\\\/16\\\/2024\\\/07\\\/Favicon.png\",\"width\":267,\"height\":267,\"caption\":\"Fraunhofer IESE\"},\"image\":{\"@id\":\"https:\\\/\\\/www.deutschlanddigital.org\\\/#\\\/schema\\\/logo\\\/image\\\/\"},\"sameAs\":[\"https:\\\/\\\/www.facebook.com\\\/SLRegionen\",\"https:\\\/\\\/x.com\\\/SLRegionen\",\"https:\\\/\\\/www.linkedin.com\\\/in\\\/smarte-land-regionen\\\/\"]}]}<\/script>\n<!-- \/ Yoast SEO plugin. -->","yoast_head_json":{"title":"DEUTSCHLAND.DIGITAL - digitale L\u00f6sungen f\u00fcr smarte Kommunen","description":"DEUTSCHLAND.DIGITAL ist Teil des Forschungsvorhabens Smarte.Land.Regionen, das auf die Verbesserung der Daseinsvorsorge abzielt.","robots":{"index":"index","follow":"follow","max-snippet":"max-snippet:-1","max-image-preview":"max-image-preview:large","max-video-preview":"max-video-preview:-1"},"canonical":"https:\/\/www.deutschlanddigital.org\/","og_locale":"de_DE","og_type":"article","og_title":"DEUTSCHLAND.DIGITAL","og_description":"DEUTSCHLAND.DIGITAL ist Teil des Forschungsvorhabens Smarte.Land.Regionen, das auf die Verbesserung der Daseinsvorsorge abzielt.","og_url":"https:\/\/www.deutschlanddigital.org\/","og_site_name":"DEUTSCHLAND.DIGITAL","article_publisher":"https:\/\/www.facebook.com\/SLRegionen","article_modified_time":"2025-09-26T07:16:11+00:00","og_image":[{"width":1182,"height":856,"url":"https:\/\/www.deutschlanddigital.org\/wp-content\/uploads\/sites\/16\/2024\/07\/Share-Image-DEUTSCHLAND.DIGITAL.png","type":"image\/png"}],"twitter_card":"summary_large_image","twitter_title":"DEUTSCHLAND.DIGITAL","twitter_image":"https:\/\/www.deutschlanddigital.org\/wp-content\/uploads\/sites\/16\/2024\/07\/Share-Image-DEUTSCHLAND.DIGITAL.png","twitter_site":"@SLRegionen","twitter_misc":{"Gesch\u00e4tzte Lesezeit":"4\u00a0Minuten"},"schema":{"@context":"https:\/\/schema.org","@graph":[{"@type":"WebPage","@id":"https:\/\/www.deutschlanddigital.org\/","url":"https:\/\/www.deutschlanddigital.org\/","name":"DEUTSCHLAND.DIGITAL - digitale L\u00f6sungen f\u00fcr smarte Kommunen","isPartOf":{"@id":"https:\/\/www.deutschlanddigital.org\/#website"},"primaryImageOfPage":{"@id":"https:\/\/www.deutschlanddigital.org\/#primaryimage"},"image":{"@id":"https:\/\/www.deutschlanddigital.org\/#primaryimage"},"thumbnailUrl":"https:\/\/www.deutschlanddigital.org\/wp-content\/uploads\/sites\/16\/2024\/07\/Share-Image-DEUTSCHLAND.DIGITAL.png","datePublished":"2020-08-19T16:08:38+00:00","dateModified":"2025-09-26T07:16:11+00:00","description":"DEUTSCHLAND.DIGITAL ist Teil des Forschungsvorhabens Smarte.Land.Regionen, das auf die Verbesserung der Daseinsvorsorge abzielt.","breadcrumb":{"@id":"https:\/\/www.deutschlanddigital.org\/#breadcrumb"},"inLanguage":"de","potentialAction":[{"@type":"ReadAction","target":["https:\/\/www.deutschlanddigital.org\/"]}]},{"@type":"ImageObject","inLanguage":"de","@id":"https:\/\/www.deutschlanddigital.org\/#primaryimage","url":"https:\/\/www.deutschlanddigital.org\/wp-content\/uploads\/sites\/16\/2024\/07\/Share-Image-DEUTSCHLAND.DIGITAL.png","contentUrl":"https:\/\/www.deutschlanddigital.org\/wp-content\/uploads\/sites\/16\/2024\/07\/Share-Image-DEUTSCHLAND.DIGITAL.png","width":1182,"height":856},{"@type":"BreadcrumbList","@id":"https:\/\/www.deutschlanddigital.org\/#breadcrumb","itemListElement":[{"@type":"ListItem","position":1,"name":"Home","item":"https:\/\/www.deutschlanddigital.org\/"},{"@type":"ListItem","position":2,"name":"Startseite"}]},{"@type":"WebSite","@id":"https:\/\/www.deutschlanddigital.org\/#website","url":"https:\/\/www.deutschlanddigital.org\/","name":"DEUTSCHLAND.DIGITAL","description":"Smarte L\u00f6sungen f\u00fcr smarte Kommunen","publisher":{"@id":"https:\/\/www.deutschlanddigital.org\/#organization"},"alternateName":"digitaler Marktplatz f\u00fcr die Daseinsvorsorge","potentialAction":[{"@type":"SearchAction","target":{"@type":"EntryPoint","urlTemplate":"https:\/\/www.deutschlanddigital.org\/?s={search_term_string}"},"query-input":{"@type":"PropertyValueSpecification","valueRequired":true,"valueName":"search_term_string"}}],"inLanguage":"de"},{"@type":"Organization","@id":"https:\/\/www.deutschlanddigital.org\/#organization","name":"Fraunhofer IESE","url":"https:\/\/www.deutschlanddigital.org\/","logo":{"@type":"ImageObject","inLanguage":"de","@id":"https:\/\/www.deutschlanddigital.org\/#\/schema\/logo\/image\/","url":"https:\/\/www.deutschlanddigital.org\/wp-content\/uploads\/sites\/16\/2024\/07\/Favicon.png","contentUrl":"https:\/\/www.deutschlanddigital.org\/wp-content\/uploads\/sites\/16\/2024\/07\/Favicon.png","width":267,"height":267,"caption":"Fraunhofer IESE"},"image":{"@id":"https:\/\/www.deutschlanddigital.org\/#\/schema\/logo\/image\/"},"sameAs":["https:\/\/www.facebook.com\/SLRegionen","https:\/\/x.com\/SLRegionen","https:\/\/www.linkedin.com\/in\/smarte-land-regionen\/"]}]}},"_links":{"self":[{"href":"https:\/\/www.deutschlanddigital.org\/index.php\/wp-json\/wp\/v2\/pages\/4","targetHints":{"allow":["GET"]}}],"collection":[{"href":"https:\/\/www.deutschlanddigital.org\/index.php\/wp-json\/wp\/v2\/pages"}],"about":[{"href":"https:\/\/www.deutschlanddigital.org\/index.php\/wp-json\/wp\/v2\/types\/page"}],"author":[{"embeddable":true,"href":"https:\/\/www.deutschlanddigital.org\/index.php\/wp-json\/wp\/v2\/users\/5"}],"replies":[{"embeddable":true,"href":"https:\/\/www.deutschlanddigital.org\/index.php\/wp-json\/wp\/v2\/comments?post=4"}],"version-history":[{"count":76,"href":"https:\/\/www.deutschlanddigital.org\/index.php\/wp-json\/wp\/v2\/pages\/4\/revisions"}],"predecessor-version":[{"id":7230,"href":"https:\/\/www.deutschlanddigital.org\/index.php\/wp-json\/wp\/v2\/pages\/4\/revisions\/7230"}],"wp:featuredmedia":[{"embeddable":true,"href":"https:\/\/www.deutschlanddigital.org\/index.php\/wp-json\/wp\/v2\/media\/6546"}],"wp:attachment":[{"href":"https:\/\/www.deutschlanddigital.org\/index.php\/wp-json\/wp\/v2\/media?parent=4"}],"curies":[{"name":"wp","href":"https:\/\/api.w.org\/{rel}","templated":true}]}}